{"version":"1.0","provider_name":"S\u00e9bastien Majerowicz","provider_url":"https:\/\/www.sebastien-majerowicz.fr","author_name":"S\u00e9bastien Majerowicz","author_url":"https:\/\/www.sebastien-majerowicz.fr\/index.php\/author\/damenaturephotography_admin\/","title":"Chacun son assiette - S\u00e9bastien Majerowicz","type":"rich","width":600,"height":338,"html":"<blockquote class=\"wp-embedded-content\" data-secret=\"8OkEA60iVk\"><a href=\"https:\/\/www.sebastien-majerowicz.fr\/index.php\/2019\/07\/06\/chacun-son-assiette\/\">Chacun son assiette<\/a><\/blockquote><iframe sandbox=\"allow-scripts\" security=\"restricted\" src=\"https:\/\/www.sebastien-majerowicz.fr\/index.php\/2019\/07\/06\/chacun-son-assiette\/embed\/#?secret=8OkEA60iVk\" width=\"600\" height=\"338\" title=\"\u00ab\u00a0Chacun son assiette\u00a0\u00bb &#8212; S\u00e9bastien Majerowicz\" data-secret=\"8OkEA60iVk\" frameborder=\"0\" marginwidth=\"0\" marginheight=\"0\" scrolling=\"no\" class=\"wp-embedded-content\"><\/iframe><script>\n\/*! This file is auto-generated *\/\n!function(d,l){\"use strict\";l.querySelector&&d.addEventListener&&\"undefined\"!=typeof URL&&(d.wp=d.wp||{},d.wp.receiveEmbedMessage||(d.wp.receiveEmbedMessage=function(e){var t=e.data;if((t||t.secret||t.message||t.value)&&!\/[^a-zA-Z0-9]\/.test(t.secret)){for(var s,r,n,a=l.querySelectorAll('iframe[data-secret=\"'+t.secret+'\"]'),o=l.querySelectorAll('blockquote[data-secret=\"'+t.secret+'\"]'),c=new RegExp(\"^https?:$\",\"i\"),i=0;i<o.length;i++)o[i].style.display=\"none\";for(i=0;i<a.length;i++)s=a[i],e.source===s.contentWindow&&(s.removeAttribute(\"style\"),\"height\"===t.message?(1e3<(r=parseInt(t.value,10))?r=1e3:~~r<200&&(r=200),s.height=r):\"link\"===t.message&&(r=new URL(s.getAttribute(\"src\")),n=new URL(t.value),c.test(n.protocol))&&n.host===r.host&&l.activeElement===s&&(d.top.location.href=t.value))}},d.addEventListener(\"message\",d.wp.receiveEmbedMessage,!1),l.addEventListener(\"DOMContentLoaded\",function(){for(var e,t,s=l.querySelectorAll(\"iframe.wp-embedded-content\"),r=0;r<s.length;r++)(t=(e=s[r]).getAttribute(\"data-secret\"))||(t=Math.random().toString(36).substring(2,12),e.src+=\"#?secret=\"+t,e.setAttribute(\"data-secret\",t)),e.contentWindow.postMessage({message:\"ready\",secret:t},\"*\")},!1)))}(window,document);\n\/\/# sourceURL=https:\/\/www.sebastien-majerowicz.fr\/wp-includes\/js\/wp-embed.min.js\n<\/script>\n","thumbnail_url":"https:\/\/www.sebastien-majerowicz.fr\/wp-content\/uploads\/2019\/07\/DSC_6716-np.jpg","thumbnail_width":1024,"thumbnail_height":683,"description":"S\u00fbrement pas ma photographie la plus esth\u00e9tique ou artistique, mais peu importe. Je suis tr\u00e8s heureux de vous pr\u00e9senter un instantan\u00e9 de la vie dans un pr\u00e9 fleuri. Ainsi, une \u00e9peire n&rsquo;a d&rsquo;yeux (8 exactement \ud83d\ude09 ) que pour l&rsquo;abeille d\u00e9j\u00e0 pr\u00e9par\u00e9e pour un futur festin. Et pos\u00e9 sur une scabieuse, un bourdon butine goul\u00fbment [&hellip;]"}