{"version":"1.0","provider_name":"S\u00e9bastien Majerowicz","provider_url":"https:\/\/www.sebastien-majerowicz.fr","author_name":"S\u00e9bastien Majerowicz","author_url":"https:\/\/www.sebastien-majerowicz.fr\/index.php\/author\/damenaturephotography_admin\/","title":"Au lever - S\u00e9bastien Majerowicz","type":"rich","width":600,"height":338,"html":"<blockquote class=\"wp-embedded-content\" data-secret=\"ozjbuQtC86\"><a href=\"https:\/\/www.sebastien-majerowicz.fr\/index.php\/2018\/09\/28\/au-lever\/\">Au lever<\/a><\/blockquote><iframe sandbox=\"allow-scripts\" security=\"restricted\" src=\"https:\/\/www.sebastien-majerowicz.fr\/index.php\/2018\/09\/28\/au-lever\/embed\/#?secret=ozjbuQtC86\" width=\"600\" height=\"338\" title=\"\u00ab\u00a0Au lever\u00a0\u00bb &#8212; S\u00e9bastien Majerowicz\" data-secret=\"ozjbuQtC86\" frameborder=\"0\" marginwidth=\"0\" marginheight=\"0\" scrolling=\"no\" class=\"wp-embedded-content\"><\/iframe><script>\n\/*! This file is auto-generated *\/\n!function(d,l){\"use strict\";l.querySelector&&d.addEventListener&&\"undefined\"!=typeof URL&&(d.wp=d.wp||{},d.wp.receiveEmbedMessage||(d.wp.receiveEmbedMessage=function(e){var t=e.data;if((t||t.secret||t.message||t.value)&&!\/[^a-zA-Z0-9]\/.test(t.secret)){for(var s,r,n,a=l.querySelectorAll('iframe[data-secret=\"'+t.secret+'\"]'),o=l.querySelectorAll('blockquote[data-secret=\"'+t.secret+'\"]'),c=new RegExp(\"^https?:$\",\"i\"),i=0;i<o.length;i++)o[i].style.display=\"none\";for(i=0;i<a.length;i++)s=a[i],e.source===s.contentWindow&&(s.removeAttribute(\"style\"),\"height\"===t.message?(1e3<(r=parseInt(t.value,10))?r=1e3:~~r<200&&(r=200),s.height=r):\"link\"===t.message&&(r=new URL(s.getAttribute(\"src\")),n=new URL(t.value),c.test(n.protocol))&&n.host===r.host&&l.activeElement===s&&(d.top.location.href=t.value))}},d.addEventListener(\"message\",d.wp.receiveEmbedMessage,!1),l.addEventListener(\"DOMContentLoaded\",function(){for(var e,t,s=l.querySelectorAll(\"iframe.wp-embedded-content\"),r=0;r<s.length;r++)(t=(e=s[r]).getAttribute(\"data-secret\"))||(t=Math.random().toString(36).substring(2,12),e.src+=\"#?secret=\"+t,e.setAttribute(\"data-secret\",t)),e.contentWindow.postMessage({message:\"ready\",secret:t},\"*\")},!1)))}(window,document);\n\/\/# sourceURL=https:\/\/www.sebastien-majerowicz.fr\/wp-includes\/js\/wp-embed.min.js\n<\/script>\n","thumbnail_url":"https:\/\/www.sebastien-majerowicz.fr\/wp-content\/uploads\/2018\/09\/DSC_3837-np.jpg","thumbnail_width":1024,"thumbnail_height":683,"description":"Le lever de l&rsquo;astre solaire, c&rsquo;est cet instant magique o\u00f9 les ombres se r\u00e9veillent et o\u00f9 elles se parent de leurs couleurs. Qui pourrait ainsi croire que cette libellule arbore le jour une couleur rouge qui lui vaut le nom de Symp\u00e9trum sanguin (Sympetrum sanguineum) ? PS : Vous pouvez retrouver cette photographie ainsi que [&hellip;]"}