{"version":"1.0","provider_name":"S\u00e9bastien Majerowicz","provider_url":"https:\/\/www.sebastien-majerowicz.fr","author_name":"S\u00e9bastien Majerowicz","author_url":"https:\/\/www.sebastien-majerowicz.fr\/index.php\/author\/damenaturephotography_admin\/","title":"Voir avec les oreilles - S\u00e9bastien Majerowicz","type":"rich","width":600,"height":338,"html":"<blockquote class=\"wp-embedded-content\" data-secret=\"Rdry2Qvmm8\"><a href=\"https:\/\/www.sebastien-majerowicz.fr\/index.php\/2017\/11\/06\/voir-avec-les-oreilles\/\">Voir avec les oreilles<\/a><\/blockquote><iframe sandbox=\"allow-scripts\" security=\"restricted\" src=\"https:\/\/www.sebastien-majerowicz.fr\/index.php\/2017\/11\/06\/voir-avec-les-oreilles\/embed\/#?secret=Rdry2Qvmm8\" width=\"600\" height=\"338\" title=\"\u00ab\u00a0Voir avec les oreilles\u00a0\u00bb &#8212; S\u00e9bastien Majerowicz\" data-secret=\"Rdry2Qvmm8\" frameborder=\"0\" marginwidth=\"0\" marginheight=\"0\" scrolling=\"no\" class=\"wp-embedded-content\"><\/iframe><script>\n\/*! This file is auto-generated *\/\n!function(d,l){\"use strict\";l.querySelector&&d.addEventListener&&\"undefined\"!=typeof URL&&(d.wp=d.wp||{},d.wp.receiveEmbedMessage||(d.wp.receiveEmbedMessage=function(e){var t=e.data;if((t||t.secret||t.message||t.value)&&!\/[^a-zA-Z0-9]\/.test(t.secret)){for(var s,r,n,a=l.querySelectorAll('iframe[data-secret=\"'+t.secret+'\"]'),o=l.querySelectorAll('blockquote[data-secret=\"'+t.secret+'\"]'),c=new RegExp(\"^https?:$\",\"i\"),i=0;i<o.length;i++)o[i].style.display=\"none\";for(i=0;i<a.length;i++)s=a[i],e.source===s.contentWindow&&(s.removeAttribute(\"style\"),\"height\"===t.message?(1e3<(r=parseInt(t.value,10))?r=1e3:~~r<200&&(r=200),s.height=r):\"link\"===t.message&&(r=new URL(s.getAttribute(\"src\")),n=new URL(t.value),c.test(n.protocol))&&n.host===r.host&&l.activeElement===s&&(d.top.location.href=t.value))}},d.addEventListener(\"message\",d.wp.receiveEmbedMessage,!1),l.addEventListener(\"DOMContentLoaded\",function(){for(var e,t,s=l.querySelectorAll(\"iframe.wp-embedded-content\"),r=0;r<s.length;r++)(t=(e=s[r]).getAttribute(\"data-secret\"))||(t=Math.random().toString(36).substring(2,12),e.src+=\"#?secret=\"+t,e.setAttribute(\"data-secret\",t)),e.contentWindow.postMessage({message:\"ready\",secret:t},\"*\")},!1)))}(window,document);\n\/\/# sourceURL=https:\/\/www.sebastien-majerowicz.fr\/wp-includes\/js\/wp-embed.min.js\n<\/script>\n","thumbnail_url":"https:\/\/www.sebastien-majerowicz.fr\/wp-content\/uploads\/2017\/11\/37577939092_6bc855da1e_b-2.jpg","thumbnail_width":1024,"thumbnail_height":576,"description":"\u00ab\u00a0Voir avec les oreilles\u00a0\u00bb est quelque chose qui s&rsquo;applique au Chevreuil (Capreolus capreolus). Comme beaucoup de mammif\u00e8res sauvages, le Chevreuil vit pr\u00e9f\u00e9rentiellement dans les bois et for\u00eats. Et ces derniers sont g\u00e9n\u00e9ralement sombres. Ainsi, pour compenser cela, le Chevreuil poss\u00e8de de larges pavillons qui lui permettent de percevoir les moindres sons, m\u00eame \u00e0 grande distance [&hellip;]"}