{"version":"1.0","provider_name":"S\u00e9bastien Majerowicz","provider_url":"https:\/\/www.sebastien-majerowicz.fr","author_name":"S\u00e9bastien Majerowicz","author_url":"https:\/\/www.sebastien-majerowicz.fr\/index.php\/author\/damenaturephotography_admin\/","title":"Bon pied bon \u0153il 2016 - S\u00e9bastien Majerowicz","type":"rich","width":600,"height":338,"html":"<blockquote class=\"wp-embedded-content\" data-secret=\"6OwoBEqlLb\"><a href=\"https:\/\/www.sebastien-majerowicz.fr\/index.php\/2016\/09\/02\/pied-oeil-2016\/\">Bon pied bon \u0153il 2016<\/a><\/blockquote><iframe sandbox=\"allow-scripts\" security=\"restricted\" src=\"https:\/\/www.sebastien-majerowicz.fr\/index.php\/2016\/09\/02\/pied-oeil-2016\/embed\/#?secret=6OwoBEqlLb\" width=\"600\" height=\"338\" title=\"\u00ab\u00a0Bon pied bon \u0153il 2016\u00a0\u00bb &#8212; S\u00e9bastien Majerowicz\" data-secret=\"6OwoBEqlLb\" frameborder=\"0\" marginwidth=\"0\" marginheight=\"0\" scrolling=\"no\" class=\"wp-embedded-content\"><\/iframe><script>\n\/*! This file is auto-generated *\/\n!function(d,l){\"use strict\";l.querySelector&&d.addEventListener&&\"undefined\"!=typeof URL&&(d.wp=d.wp||{},d.wp.receiveEmbedMessage||(d.wp.receiveEmbedMessage=function(e){var t=e.data;if((t||t.secret||t.message||t.value)&&!\/[^a-zA-Z0-9]\/.test(t.secret)){for(var s,r,n,a=l.querySelectorAll('iframe[data-secret=\"'+t.secret+'\"]'),o=l.querySelectorAll('blockquote[data-secret=\"'+t.secret+'\"]'),c=new RegExp(\"^https?:$\",\"i\"),i=0;i<o.length;i++)o[i].style.display=\"none\";for(i=0;i<a.length;i++)s=a[i],e.source===s.contentWindow&&(s.removeAttribute(\"style\"),\"height\"===t.message?(1e3<(r=parseInt(t.value,10))?r=1e3:~~r<200&&(r=200),s.height=r):\"link\"===t.message&&(r=new URL(s.getAttribute(\"src\")),n=new URL(t.value),c.test(n.protocol))&&n.host===r.host&&l.activeElement===s&&(d.top.location.href=t.value))}},d.addEventListener(\"message\",d.wp.receiveEmbedMessage,!1),l.addEventListener(\"DOMContentLoaded\",function(){for(var e,t,s=l.querySelectorAll(\"iframe.wp-embedded-content\"),r=0;r<s.length;r++)(t=(e=s[r]).getAttribute(\"data-secret\"))||(t=Math.random().toString(36).substring(2,12),e.src+=\"#?secret=\"+t,e.setAttribute(\"data-secret\",t)),e.contentWindow.postMessage({message:\"ready\",secret:t},\"*\")},!1)))}(window,document);\n\/\/# sourceURL=https:\/\/www.sebastien-majerowicz.fr\/wp-includes\/js\/wp-embed.min.js\n<\/script>\n","thumbnail_url":"https:\/\/www.sebastien-majerowicz.fr\/wp-content\/uploads\/2017\/05\/22413099920_04865907f2_b.jpg","thumbnail_width":1024,"thumbnail_height":683,"description":"\u00c9tant adh\u00e9rent \u00e0 la LPO, c&rsquo;est avec beaucoup d&rsquo;\u00e9motion que j&rsquo;ai re\u00e7u le deuxi\u00e8me prix dans la cat\u00e9gorie \u00ab\u00a0Paysage\u00a0\u00bb du concours \u00ab\u00a0Bon pied, bon \u0153il\u00a0\u00bb organis\u00e9 conjointement par la LPO et la F\u00e9d\u00e9ration Fran\u00e7aise de Randonn\u00e9e. Vous pouvez retrouver toutes les informations ici : https:\/\/auvergne-rhone-alpes.lpo.fr\/concours\/concours-photo\/edition-2016\/article\/concours-photo-bon-pied-bon-oeil-soiree-de-vernissage-et-de-remise-des-prix Quel moment bien agr\u00e9able de voir sa photo ainsi affich\u00e9e [&hellip;]"}